{"id":61,"date":"2020-02-12T14:41:31","date_gmt":"2020-02-12T14:41:31","guid":{"rendered":"https:\/\/www.luis-trindade.com\/?page_id=61"},"modified":"2026-03-11T16:55:59","modified_gmt":"2026-03-11T16:55:59","slug":"rascunho-automatico","status":"publish","type":"page","link":"https:\/\/www.luis-trindade.com\/en\/","title":{"rendered":"Home"},"content":{"rendered":"<p>[et_pb_section fb_built=&#8221;1&#8243; fullwidth=&#8221;on&#8221; _builder_version=&#8221;4.20.1&#8243; custom_margin=&#8221;10px||||false|false&#8221; global_colors_info=&#8221;{}&#8221;][et_pb_nextend_smart_slider_3_fullwidth slider=&#8221;15&#8243; _builder_version=&#8221;4.3.4&#8243; global_colors_info=&#8221;{}&#8221;][\/et_pb_nextend_smart_slider_3_fullwidth][\/et_pb_section][et_pb_section fb_built=&#8221;1&#8243; _builder_version=&#8221;4.20.1&#8243; _module_preset=&#8221;default&#8221; custom_padding=&#8221;84px||0px|||&#8221; global_colors_info=&#8221;{}&#8221;][et_pb_row _builder_version=&#8221;4.20.1&#8243; _module_preset=&#8221;default&#8221; global_colors_info=&#8221;{}&#8221;][et_pb_column type=&#8221;4_4&#8243; _builder_version=&#8221;4.20.1&#8243; _module_preset=&#8221;default&#8221; global_colors_info=&#8221;{}&#8221;][et_pb_text _builder_version=&#8221;4.20.1&#8243; text_font=&#8221;||||||||&#8221; text_font_size=&#8221;16px&#8221; text_line_height=&#8221;1.9em&#8221; header_font=&#8221;||||||||&#8221; header_2_font=&#8221;fibralight||||||||&#8221; header_2_font_size=&#8221;40px&#8221; header_2_line_height=&#8221;1.5em&#8221; header_3_font=&#8221;Lato|700||on|||||&#8221; header_3_text_color=&#8221;#3550a0&#8243; header_3_font_size=&#8221;20px&#8221; header_3_line_height=&#8221;1.5em&#8221; header_6_font=&#8221;||||||||&#8221; text_orientation=&#8221;center&#8221; max_width=&#8221;600px&#8221; max_width_last_edited=&#8221;off|desktop&#8221; module_alignment=&#8221;center&#8221; custom_margin=&#8221;||-30px|||&#8221; custom_padding=&#8221;||11px|||&#8221; header_2_font_size_tablet=&#8221;30px&#8221; header_2_font_size_phone=&#8221;24px&#8221; header_2_font_size_last_edited=&#8221;on|phone&#8221; header_3_font_size_tablet=&#8221;50px&#8221; header_3_font_size_phone=&#8221;32px&#8221; header_3_font_size_last_edited=&#8221;off|desktop&#8221; locked=&#8221;off&#8221; global_colors_info=&#8221;{}&#8221;]<\/p>\n<h2><strong>O que posso fazer por ti<\/strong><\/h2>\n<p>[\/et_pb_text][\/et_pb_column][\/et_pb_row][\/et_pb_section][et_pb_section fb_built=&#8221;1&#8243; admin_label=&#8221;Services&#8221; _builder_version=&#8221;4.16&#8243; min_height=&#8221;646px&#8221; custom_margin=&#8221;||-55px|||&#8221; custom_padding=&#8221;0px||0px|||&#8221; locked=&#8221;off&#8221; global_colors_info=&#8221;{}&#8221;][et_pb_row column_structure=&#8221;1_3,1_3,1_3&#8243; _builder_version=&#8221;4.20.1&#8243; width=&#8221;100%&#8221; custom_padding=&#8221;19px||9px|||&#8221; global_colors_info=&#8221;{}&#8221;][et_pb_column type=&#8221;1_3&#8243; _builder_version=&#8221;4.16&#8243; custom_padding=&#8221;|||&#8221; global_colors_info=&#8221;{}&#8221; custom_padding__hover=&#8221;|||&#8221;][et_pb_text _builder_version=&#8221;4.20.1&#8243; text_font=&#8221;fibralight||||||||&#8221; text_font_size=&#8221;16px&#8221; text_line_height=&#8221;1.9em&#8221; header_font=&#8221;fibralight||||||||&#8221; header_2_font=&#8221;fibralight||||||||&#8221; header_2_font_size=&#8221;40px&#8221; header_2_line_height=&#8221;1.5em&#8221; header_3_font=&#8221;fibralight||||||||&#8221; header_4_font=&#8221;fibralight||||||||&#8221; header_5_font=&#8221;fibralight||||||||&#8221; header_6_font=&#8221;fibralight||||||||&#8221; text_orientation=&#8221;center&#8221; max_width=&#8221;704px&#8221; max_width_last_edited=&#8221;off|desktop&#8221; module_alignment=&#8221;center&#8221; custom_margin=&#8221;|||&#8221; custom_padding=&#8221;|0px||||&#8221; header_2_font_size_tablet=&#8221;30px&#8221; header_2_font_size_phone=&#8221;24px&#8221; header_2_font_size_last_edited=&#8221;on|phone&#8221; locked=&#8221;off&#8221; global_colors_info=&#8221;{}&#8221;]<\/p>\n<h2>Rela\u00e7\u00e3o Aut\u00eantica<\/h2>\n<p>Consultas de Casal ou Consultas com a Fam\u00edlia para comunicar autenticamente e intimamente na tua rela\u00e7\u00e3o rom\u00e2ntica ou familiar<\/p>\n<p>[\/et_pb_text][et_pb_blurb image=&#8221;https:\/\/www.luis-trindade.com\/wp-content\/uploads\/2026\/01\/Botao-Casal_Familia-Ouro-transparente.png&#8221; _builder_version=&#8221;4.20.1&#8243; header_font=&#8221;fibralight|700|||||||&#8221; header_text_color=&#8221;#3a677d&#8221; header_line_height=&#8221;1.5em&#8221; background_enable_color=&#8221;off&#8221; text_orientation=&#8221;center&#8221; width=&#8221;70%&#8221; module_alignment=&#8221;center&#8221; custom_padding=&#8221;0px|0px|0px|0px|true|true&#8221; custom_padding_tablet=&#8221;&#8221; custom_padding_phone=&#8221;20px||20px||true&#8221; custom_padding_last_edited=&#8221;on|phone&#8221; animation=&#8221;off&#8221; link_option_url=&#8221;https:\/\/www.luis-trindade.com\/casais-e-familias\/&#8221; link_option_url_new_window=&#8221;on&#8221; locked=&#8221;off&#8221; global_colors_info=&#8221;{}&#8221;][\/et_pb_blurb][\/et_pb_column][et_pb_column type=&#8221;1_3&#8243; _builder_version=&#8221;4.16&#8243; custom_padding=&#8221;|||&#8221; global_colors_info=&#8221;{}&#8221; custom_padding__hover=&#8221;|||&#8221;][et_pb_text _builder_version=&#8221;4.20.1&#8243; text_font=&#8221;fibralight||||||||&#8221; text_font_size=&#8221;16px&#8221; text_line_height=&#8221;1.9em&#8221; header_font=&#8221;fibralight||||||||&#8221; header_2_font=&#8221;fibralight||||||||&#8221; header_2_font_size=&#8221;40px&#8221; header_2_line_height=&#8221;1.5em&#8221; header_3_font=&#8221;fibralight||||||||&#8221; header_4_font=&#8221;fibralight||||||||&#8221; header_5_font=&#8221;fibralight||||||||&#8221; header_6_font=&#8221;fibralight||||||||&#8221; text_orientation=&#8221;center&#8221; max_width_last_edited=&#8221;off|desktop&#8221; module_alignment=&#8221;center&#8221; custom_margin=&#8221;|||&#8221; custom_padding=&#8221;|0px||||&#8221; header_2_font_size_tablet=&#8221;30px&#8221; header_2_font_size_phone=&#8221;24px&#8221; header_2_font_size_last_edited=&#8221;on|phone&#8221; locked=&#8221;off&#8221; global_colors_info=&#8221;{}&#8221;]<\/p>\n<h2>Despertar da Alma<\/h2>\n<h1><\/h1>\n<p>Consultas individuais com Mulheres e Homens para transforma\u00e7\u00e3o profunda no Feminino ou no Masculino<\/p>\n<p>[\/et_pb_text][et_pb_blurb image=&#8221;https:\/\/www.luis-trindade.com\/wp-content\/uploads\/2026\/01\/Botao-M_H-Ouro-Transparente.png&#8221; _builder_version=&#8221;4.20.1&#8243; header_font=&#8221;fibralight|700|||||||&#8221; header_text_color=&#8221;#3a677d&#8221; header_line_height=&#8221;1.5em&#8221; background_enable_color=&#8221;off&#8221; text_orientation=&#8221;center&#8221; width=&#8221;71%&#8221; module_alignment=&#8221;center&#8221; custom_margin=&#8221;0px||||false|false&#8221; custom_padding=&#8221;0px|0px|0px|0px|true|true&#8221; custom_padding_tablet=&#8221;&#8221; custom_padding_phone=&#8221;20px||20px||true&#8221; custom_padding_last_edited=&#8221;on|phone&#8221; animation=&#8221;off&#8221; link_option_url=&#8221;https:\/\/www.luis-trindade.com\/cliente-particular\/&#8221; link_option_url_new_window=&#8221;on&#8221; locked=&#8221;off&#8221; global_colors_info=&#8221;{}&#8221;][\/et_pb_blurb][\/et_pb_column][et_pb_column type=&#8221;1_3&#8243; _builder_version=&#8221;4.16&#8243; custom_padding=&#8221;|||&#8221; global_colors_info=&#8221;{}&#8221; custom_padding__hover=&#8221;|||&#8221;][et_pb_text _builder_version=&#8221;4.20.1&#8243; text_font=&#8221;fibralight||||||||&#8221; text_font_size=&#8221;16px&#8221; text_line_height=&#8221;1.9em&#8221; header_font=&#8221;fibralight||||||||&#8221; header_2_font=&#8221;fibralight||||||||&#8221; header_2_font_size=&#8221;40px&#8221; header_2_line_height=&#8221;1.5em&#8221; header_3_font=&#8221;fibralight||||||||&#8221; header_4_font=&#8221;fibralight||||||||&#8221; header_5_font=&#8221;fibralight||||||||&#8221; header_6_font=&#8221;fibralight||||||||&#8221; text_orientation=&#8221;center&#8221; max_width=&#8221;704px&#8221; max_width_last_edited=&#8221;off|desktop&#8221; module_alignment=&#8221;center&#8221; custom_margin=&#8221;|||&#8221; custom_padding=&#8221;|0px||||&#8221; header_2_font_size_tablet=&#8221;30px&#8221; header_2_font_size_phone=&#8221;24px&#8221; header_2_font_size_last_edited=&#8221;on|phone&#8221; locked=&#8221;off&#8221; global_colors_info=&#8221;{}&#8221;]<\/p>\n<h2>Treino Emocional<\/h2>\n<p>Sess\u00f5es individuais com colaborador@s e programas de equipas em situa\u00e7\u00f5es cr\u00edticas para empresas e organiza\u00e7\u00f5es<\/p>\n<p>[\/et_pb_text][et_pb_blurb image=&#8221;https:\/\/www.luis-trindade.com\/wp-content\/uploads\/2026\/01\/Botao-Emp_Org-Ouro-Transparente.png&#8221; _builder_version=&#8221;4.20.1&#8243; header_font=&#8221;fibralight|700|||||||&#8221; header_text_color=&#8221;#3a677d&#8221; header_line_height=&#8221;1.5em&#8221; background_enable_color=&#8221;off&#8221; text_orientation=&#8221;center&#8221; width=&#8221;72%&#8221; module_alignment=&#8221;center&#8221; custom_margin=&#8221;0px||||false|false&#8221; custom_padding=&#8221;0px|0px|0px|0px|true|true&#8221; custom_padding_tablet=&#8221;&#8221; custom_padding_phone=&#8221;20px||20px||true&#8221; custom_padding_last_edited=&#8221;on|phone&#8221; animation=&#8221;off&#8221; link_option_url=&#8221;https:\/\/www.luis-trindade.com\/novas-organizacoes\/&#8221; link_option_url_new_window=&#8221;on&#8221; locked=&#8221;off&#8221; global_colors_info=&#8221;{}&#8221;][\/et_pb_blurb][\/et_pb_column][\/et_pb_row][et_pb_row _builder_version=&#8221;4.20.1&#8243; _module_preset=&#8221;default&#8221; custom_padding=&#8221;19px||4px|||&#8221; global_colors_info=&#8221;{}&#8221;][et_pb_column type=&#8221;4_4&#8243; _builder_version=&#8221;4.20.1&#8243; _module_preset=&#8221;default&#8221; global_colors_info=&#8221;{}&#8221;][et_pb_image src=&#8221;https:\/\/www.luis-trindade.com\/wp-content\/uploads\/2025\/11\/Logo-e-Lettering-fundo-Transparente-Website-1.png&#8221; title_text=&#8221;Logo e Lettering fundo Transparente Website&#8221; url=&#8221;https:\/\/www.luis-trindade.com\/incarnate\/&#8221; url_new_window=&#8221;on&#8221; _builder_version=&#8221;4.20.1&#8243; _module_preset=&#8221;default&#8221; max_width=&#8221;75%&#8221; module_alignment=&#8221;center&#8221; custom_margin=&#8221;-37px|||||&#8221; custom_padding=&#8221;0px|||||&#8221; global_colors_info=&#8221;{}&#8221;][\/et_pb_image][\/et_pb_column][\/et_pb_row][\/et_pb_section][et_pb_section fb_built=&#8221;1&#8243; admin_label=&#8221;About&#8221; _builder_version=&#8221;4.16&#8243; background_color_gradient_direction=&#8221;90deg&#8221; custom_margin=&#8221;||60px|&#8221; custom_padding=&#8221;109px|0px|0|0px|false|false&#8221; global_colors_info=&#8221;{}&#8221;][et_pb_row _builder_version=&#8221;4.16&#8243; custom_padding=&#8221;16px|||||&#8221; global_colors_info=&#8221;{}&#8221;][et_pb_column type=&#8221;4_4&#8243; _builder_version=&#8221;4.16&#8243; custom_padding=&#8221;|||&#8221; global_colors_info=&#8221;{}&#8221; custom_padding__hover=&#8221;|||&#8221;][et_pb_text _builder_version=&#8221;4.20.1&#8243; text_font=&#8221;||||||||&#8221; text_font_size=&#8221;16px&#8221; text_line_height=&#8221;1.9em&#8221; header_font=&#8221;||||||||&#8221; header_2_font=&#8221;fibralight||||||||&#8221; header_2_font_size=&#8221;40px&#8221; header_2_line_height=&#8221;1.5em&#8221; header_3_font=&#8221;Lato|700||on|||||&#8221; header_3_text_color=&#8221;#3550a0&#8243; header_3_font_size=&#8221;20px&#8221; header_3_line_height=&#8221;1.5em&#8221; header_6_font=&#8221;||||||||&#8221; text_orientation=&#8221;center&#8221; max_width=&#8221;600px&#8221; max_width_last_edited=&#8221;off|desktop&#8221; module_alignment=&#8221;center&#8221; custom_margin=&#8221;||-30px|||&#8221; custom_padding=&#8221;||11px|||&#8221; header_2_font_size_tablet=&#8221;30px&#8221; header_2_font_size_phone=&#8221;24px&#8221; header_2_font_size_last_edited=&#8221;on|phone&#8221; header_3_font_size_tablet=&#8221;50px&#8221; header_3_font_size_phone=&#8221;32px&#8221; header_3_font_size_last_edited=&#8221;off|desktop&#8221; locked=&#8221;off&#8221; global_colors_info=&#8221;{}&#8221;]<\/p>\n<h2><strong>Testemunhos<\/strong><\/h2>\n<p>[\/et_pb_text][\/et_pb_column][\/et_pb_row][\/et_pb_section][et_pb_section fb_built=&#8221;1&#8243; fullwidth=&#8221;on&#8221; admin_label=&#8221;Hero&#8221; _builder_version=&#8221;4.16&#8243; background_enable_image=&#8221;off&#8221; parallax=&#8221;on&#8221; global_colors_info=&#8221;{}&#8221;][et_pb_fullwidth_code _builder_version=&#8221;4.16&#8243; custom_margin=&#8221;-57px|||||&#8221; global_colors_info=&#8221;{}&#8221;][\/et_pb_fullwidth_code][\/et_pb_section][et_pb_section fb_built=&#8221;1&#8243; admin_label=&#8221;About&#8221; _builder_version=&#8221;4.16&#8243; background_color_gradient_direction=&#8221;90deg&#8221; min_height=&#8221;189px&#8221; custom_margin=&#8221;||10px|||&#8221; custom_padding=&#8221;0|0px|0px|0px|false|false&#8221; global_colors_info=&#8221;{}&#8221;][et_pb_row _builder_version=&#8221;4.16&#8243; custom_margin=&#8221;|auto|25px|auto||&#8221; custom_padding=&#8221;16px||22px|||&#8221; global_colors_info=&#8221;{}&#8221;][et_pb_column type=&#8221;4_4&#8243; _builder_version=&#8221;4.16&#8243; custom_padding=&#8221;|||&#8221; global_colors_info=&#8221;{}&#8221; custom_padding__hover=&#8221;|||&#8221;][et_pb_text _builder_version=&#8221;4.20.1&#8243; text_font=&#8221;||||||||&#8221; text_font_size=&#8221;16px&#8221; text_line_height=&#8221;1.9em&#8221; header_font=&#8221;||||||||&#8221; header_2_font=&#8221;fibralight||||||||&#8221; header_2_font_size=&#8221;40px&#8221; header_2_line_height=&#8221;1.5em&#8221; header_3_font=&#8221;Lato|700||on|||||&#8221; header_3_text_color=&#8221;#3550a0&#8243; header_3_font_size=&#8221;20px&#8221; header_3_line_height=&#8221;1.5em&#8221; header_6_font=&#8221;||||||||&#8221; text_orientation=&#8221;center&#8221; max_width=&#8221;600px&#8221; max_width_last_edited=&#8221;off|desktop&#8221; module_alignment=&#8221;center&#8221; min_height=&#8221;23px&#8221; custom_margin=&#8221;104px||-47px|||&#8221; custom_padding=&#8221;||21px|||&#8221; header_2_font_size_tablet=&#8221;30px&#8221; header_2_font_size_phone=&#8221;24px&#8221; header_2_font_size_last_edited=&#8221;on|phone&#8221; header_3_font_size_tablet=&#8221;50px&#8221; header_3_font_size_phone=&#8221;32px&#8221; header_3_font_size_last_edited=&#8221;off|desktop&#8221; locked=&#8221;off&#8221; global_colors_info=&#8221;{}&#8221;]<\/p>\n<h2><strong>\u00daltimos Posts do Instagram<\/strong><\/h2>\n<p>[\/et_pb_text][\/et_pb_column][\/et_pb_row][\/et_pb_section][et_pb_section fb_built=&#8221;1&#8243; fullwidth=&#8221;on&#8221; _builder_version=&#8221;4.16&#8243; custom_padding=&#8221;||||false|false&#8221; global_colors_info=&#8221;{}&#8221;][et_pb_fullwidth_code _builder_version=&#8221;4.20.1&#8243; custom_padding=&#8221;||0px||false|false&#8221; global_colors_info=&#8221;{}&#8221;]<style type=\"text\/css\">\n<\/style><div id=\"feed_dynamic_classqcvothrliz_basic\" class=\"fts-instagram-inline-block-centered feed_dynamic_classqcvothrliz_basic\"  data-ftsi-columns=\"3\" data-ftsi-columns-tablet=\"2\" data-ftsi-columns-mobile=\"1\" data-ftsi-force-columns=\"\" data-ftsi-margin=\"5px\" data-ftsi-height=\"\">                            <div class=\"slicker-instagram-placeholder fts-instagram-wrapper\" style=\"background-image:url('https:\/\/scontent-atl3-2.cdninstagram.com\/v\/t51.82787-15\/682990486_18584179615060040_129819521763841259_n.jpg?stp=dst-jpg_e35_tt6&#038;_nc_cat=104&#038;ccb=7-5&#038;_nc_sid=18de74&#038;efg=eyJlZmdfdGFnIjoiQ0xJUFMuYmVzdF9pbWFnZV91cmxnZW4uQzMifQ%3D%3D&#038;_nc_ohc=q3G8s2er-ZcQ7kNvwFgbe5Z&#038;_nc_oc=AdqfBW3pAQQprZV3uVbh7FTO2xHONfghfETlX6m2v4Dg3XmWPLB9eewdwHP3oR6ukLg&#038;_nc_zt=23&#038;_nc_ht=scontent-atl3-2.cdninstagram.com&#038;edm=ANQ71j8EAAAA&#038;_nc_gid=inPj36cZ-kFWtAZr3D6Jxg&#038;_nc_tpa=Q5bMBQHudheykgj_vBvXTs9CrVH-wzz5gVtmePA-61DTuDIjm9Yj95vnjwjAAIqtdKn6n9IAgV8xh4ec&#038;oh=00_Af04dPk5Rf9gBzH31Dgkj1sOGRQnwF7cF7hBWkUbowXYow&#038;oe=69F829CD')\">\n                                            <a href='https:\/\/www.instagram.com\/reel\/DXqsYfVDIk-\/' title='Querid@s Dan\u00e7antes,\n\nO Corpo mostra o que a mente guarda, e o Incarnate re\u00fane-nos hoje em c\u00edrculo! \n\nDan\u00e7amos hoje at\u00e9 que cada um dos nossos Seres se revele,\nAt\u00e9 que brilhe,\nAt\u00e9 que cada cora\u00e7\u00e3o se Alegre.\n\nEm \u00eaxtase subtil,\num lugar de reencontro que nos recorda que para al\u00e9m do pensamento,\nVem em estado puro de bem-aventuran\u00e7a.\n\nOnde o leve ganha espa\u00e7o,\nOnde o corpo se deixa convidar,\nNesta elegante rela\u00e7\u00e3o de ti contigo,\nNo final do dia, podes ser tu, contigo mesm@ e com s outr@s.\n\nVem contigo, traz a fam\u00edlia e amig@s,\ncom eles podes sorrir, dan\u00e7ar e silenciosamente relembrar que\nhoje \u00e9 dia de celebrar o que de mais puro tens de ti.\n\nEste \u00e9 espa\u00e7o para estares individualmente ou com a fam\u00edlia onde s\u00f3 pagam os adultos. \n\nDetalhes:\nN\u00e3o h\u00e1 pr\u00e9-requisitos para participar e n\u00e3o \u00e9 necess\u00e1rio registo pr\u00e9vio para participar.\nSemanalmente \u00e0s Ter\u00e7as-feiras : 19h - 21h30\n\nValores:\nParticipa\u00e7\u00e3o individual \u00fanica (1x) - 18\u20ac.\nParticipa\u00e7\u00e3o individual mensal (3x ou mais) - 50\u20ac.\nFam\u00edlias, ao participarem pelo menos dois adultos em casal, pagam ambos menos 20%, e adicionalmente, as crian\u00e7as n\u00e3o pagam!\nE... se individualmente tens uma condi\u00e7\u00e3o financeira de baixo rendimento, o Incarnate tamb\u00e9m \u00e9 para ti, n\u00e3o vais ficar sem dan\u00e7ar!\n\nLocal: Centro Upaya\nMorada: Cal\u00e7ada dos Sete Moinhos 143, Lisboa\n\nAt\u00e9 mais logo!\nLu\u00eds Miguel\n+351 919 398 776' target=\"_blank\" rel=\"noreferrer\" class='fts-instagram-link-target fts-slicker-backg\n                         fts-instagram-img-link' style=\"height:65px !important; width:65px; line-height:65px; font-size:65px;\"><span class=\"fts-instagram-icon\" style=\"height:65px; width:65px; line-height:65px; font-size:65px;\"><\/span><\/a>\n                                                    <div class=\"fts-instagram-video-image-wrapper\"><div class=\"fts-instagram-video-image\"><\/div><\/div>\n                            \n                        <div class='slicker-date'>\n\n                            <div class=\"fts-insta-date-popup-grab\">\n                            2 dias atr\u00e1s                            <\/div>\n                        <\/div>\n                    <div class='slicker-instaG-backg-link'>\n\n                        <div class='slicker-instaG-photoshadow'><\/div>\n                    <\/div>\n                        <div class=\"fts-insta-likes-comments-grab-popup\">\n\n                            <div class=\"fts-share-wrap\"><a href=\"javascript:;\" class=\"ft-gallery-link-popup\" title=\"Social Share Options\"><\/a><div class=\"ft-gallery-share-wrap\"><a href=\"https:\/\/www.facebook.com\/sharer\/sharer.php?u=https:\/\/www.instagram.com\/reel\/DXqsYfVDIk-\/\" target=\"_blank\" rel=\"noreferrer\" class=\"ft-galleryfacebook-icon\" title=\"Share this post on Facebook\"><i class=\"fa fa-facebook-square\"><\/i><\/a><a href=\"https:\/\/twitter.com\/intent\/tweet?text=https:\/\/www.instagram.com\/reel\/DXqsYfVDIk-\/+Querid@s Dan\u00e7antes,\n\nO Corpo mostra o que a mente guarda, e o Incarnate re\u00fane-nos hoje em c\u00edrculo! \n\nDan\u00e7amos hoje at\u00e9 que cada um dos nossos Seres se revele,\nAt\u00e9 que brilhe,\nAt\u00e9 que cada cora\u00e7\u00e3o se Alegre.\n\nEm \u00eaxtase subtil,\num lugar de reencontro que nos recorda que para al\u00e9m do pensamento,\nVem em estado puro de bem-aventuran\u00e7a.\n\nOnde o leve ganha espa\u00e7o,\nOnde o corpo se deixa convidar,\nNesta elegante rela\u00e7\u00e3o de ti contigo,\nNo final do dia, podes ser tu, contigo mesm@ e com s outr@s.\n\nVem contigo, traz a fam\u00edlia e amig@s,\ncom eles podes sorrir, dan\u00e7ar e silenciosamente relembrar que\nhoje \u00e9 dia de celebrar o que de mais puro tens de ti.\n\nEste \u00e9 espa\u00e7o para estares individualmente ou com a fam\u00edlia onde s\u00f3 pagam os adultos. \n\nDetalhes:\nN\u00e3o h\u00e1 pr\u00e9-requisitos para participar e n\u00e3o \u00e9 necess\u00e1rio registo pr\u00e9vio para participar.\nSemanalmente \u00e0s Ter\u00e7as-feiras : 19h - 21h30\n\nValores:\nParticipa\u00e7\u00e3o individual \u00fanica (1x) - 18\u20ac.\nParticipa\u00e7\u00e3o individual mensal (3x ou mais) - 50\u20ac.\nFam\u00edlias, ao participarem pelo menos dois adultos em casal, pagam ambos menos 20%, e adicionalmente, as crian\u00e7as n\u00e3o pagam!\nE... se individualmente tens uma condi\u00e7\u00e3o financeira de baixo rendimento, o Incarnate tamb\u00e9m \u00e9 para ti, n\u00e3o vais ficar sem dan\u00e7ar!\n\nLocal: Centro Upaya\nMorada: Cal\u00e7ada dos Sete Moinhos 143, Lisboa\n\nAt\u00e9 mais logo!\nLu\u00eds Miguel\n+351 919 398 776\" target=\"_blank\" rel=\"noreferrer\" class=\"ft-gallerytwitter-icon\" title=\"Share this post on Twitter\"><i class=\"fa fa-twitter\"><\/i><\/a><a href=\"https:\/\/www.linkedin.com\/shareArticle?mini=true&amp;url=https:\/\/www.instagram.com\/reel\/DXqsYfVDIk-\/\" target=\"_blank\" rel=\"noreferrer\" class=\"ft-gallerylinkedin-icon\" title=\"Share this post on Linkedin\"><i class=\"fa fa-linkedin\"><\/i><\/a><a href=\"mailto:?subject=Shared Link&amp;body=https:\/\/www.instagram.com\/reel\/DXqsYfVDIk-\/ - Querid@s Dan\u00e7antes,\n\nO Corpo mostra o que a mente guarda, e o Incarnate re\u00fane-nos hoje em c\u00edrculo! \n\nDan\u00e7amos hoje at\u00e9 que cada um dos nossos Seres se revele,\nAt\u00e9 que brilhe,\nAt\u00e9 que cada cora\u00e7\u00e3o se Alegre.\n\nEm \u00eaxtase subtil,\num lugar de reencontro que nos recorda que para al\u00e9m do pensamento,\nVem em estado puro de bem-aventuran\u00e7a.\n\nOnde o leve ganha espa\u00e7o,\nOnde o corpo se deixa convidar,\nNesta elegante rela\u00e7\u00e3o de ti contigo,\nNo final do dia, podes ser tu, contigo mesm@ e com s outr@s.\n\nVem contigo, traz a fam\u00edlia e amig@s,\ncom eles podes sorrir, dan\u00e7ar e silenciosamente relembrar que\nhoje \u00e9 dia de celebrar o que de mais puro tens de ti.\n\nEste \u00e9 espa\u00e7o para estares individualmente ou com a fam\u00edlia onde s\u00f3 pagam os adultos. \n\nDetalhes:\nN\u00e3o h\u00e1 pr\u00e9-requisitos para participar e n\u00e3o \u00e9 necess\u00e1rio registo pr\u00e9vio para participar.\nSemanalmente \u00e0s Ter\u00e7as-feiras : 19h - 21h30\n\nValores:\nParticipa\u00e7\u00e3o individual \u00fanica (1x) - 18\u20ac.\nParticipa\u00e7\u00e3o individual mensal (3x ou mais) - 50\u20ac.\nFam\u00edlias, ao participarem pelo menos dois adultos em casal, pagam ambos menos 20%, e adicionalmente, as crian\u00e7as n\u00e3o pagam!\nE... se individualmente tens uma condi\u00e7\u00e3o financeira de baixo rendimento, o Incarnate tamb\u00e9m \u00e9 para ti, n\u00e3o vais ficar sem dan\u00e7ar!\n\nLocal: Centro Upaya\nMorada: Cal\u00e7ada dos Sete Moinhos 143, Lisboa\n\nAt\u00e9 mais logo!\nLu\u00eds Miguel\n+351 919 398 776\" target=\"_blank\" rel=\"noreferrer\" class=\"ft-galleryemail-icon\" title=\"Share this post in your email\"><i class=\"fa fa-envelope\"><\/i><\/a><\/div><\/div>                        <\/div>\n                <\/div>\n                                                <div class=\"slicker-instagram-placeholder fts-instagram-wrapper\" style=\"background-image:url('https:\/\/scontent-atl3-2.cdninstagram.com\/v\/t51.82787-15\/681359974_18583762795060040_1643211851547238597_n.jpg?stp=dst-jpg_e35_tt6&#038;_nc_cat=104&#038;ccb=7-5&#038;_nc_sid=18de74&#038;efg=eyJlZmdfdGFnIjoiQ0xJUFMuYmVzdF9pbWFnZV91cmxnZW4uQzMifQ%3D%3D&#038;_nc_ohc=Wz2pXQxsTF8Q7kNvwFYTGvG&#038;_nc_oc=AdoLhD-wiaHnVeIHQ5ENWbgVRkLVLWyeWZvmpCs_Iyz0UZEBkpBfoE1FjUJ3EhK3ntk&#038;_nc_zt=23&#038;_nc_ht=scontent-atl3-2.cdninstagram.com&#038;edm=ANQ71j8EAAAA&#038;_nc_gid=B1h5I-6AjqE02uzWD_isrQ&#038;_nc_tpa=Q5bMBQE-TbenjxdmN1nwCy-hFzApF3lcrtwW15yCPtec9vgJI5FcBURx5WYKlUAMGEVpIY9Z59-H390p&#038;oh=00_Af2WGTEWBHb-cWWafwfZcLFMj44ewyRcH0N95Pq3JkB0nQ&#038;oe=69F842C5')\">\n                                            <a href='https:\/\/www.instagram.com\/reel\/DXnGVA-COoP\/' title='Conversas Com Sentidos\ncom @pedropirescoaching \n\nTr\u00eas percepc\u00f5es sobre como vejo o mundo e as hist\u00f3rias que conto acerca disso.\n\nTr\u00eas n\u00edveis de consci\u00eancia: Individua\u00e7\u00e3o, Sist\u00e9mica, Espiritual.\n\nPodes tamb\u00e9m, como \u00e9 nosso apanagio, encontrar uma pratica para poderes experienciar no corpo o que falamos at\u00e9 ent\u00e3o.' target=\"_blank\" rel=\"noreferrer\" class='fts-instagram-link-target fts-slicker-backg\n                         fts-instagram-img-link' style=\"height:65px !important; width:65px; line-height:65px; font-size:65px;\"><span class=\"fts-instagram-icon\" style=\"height:65px; width:65px; line-height:65px; font-size:65px;\"><\/span><\/a>\n                                                    <div class=\"fts-instagram-video-image-wrapper\"><div class=\"fts-instagram-video-image\"><\/div><\/div>\n                            \n                        <div class='slicker-date'>\n\n                            <div class=\"fts-insta-date-popup-grab\">\n                            3 dias atr\u00e1s                            <\/div>\n                        <\/div>\n                    <div class='slicker-instaG-backg-link'>\n\n                        <div class='slicker-instaG-photoshadow'><\/div>\n                    <\/div>\n                        <div class=\"fts-insta-likes-comments-grab-popup\">\n\n                            <div class=\"fts-share-wrap\"><a href=\"javascript:;\" class=\"ft-gallery-link-popup\" title=\"Social Share Options\"><\/a><div class=\"ft-gallery-share-wrap\"><a href=\"https:\/\/www.facebook.com\/sharer\/sharer.php?u=https:\/\/www.instagram.com\/reel\/DXnGVA-COoP\/\" target=\"_blank\" rel=\"noreferrer\" class=\"ft-galleryfacebook-icon\" title=\"Share this post on Facebook\"><i class=\"fa fa-facebook-square\"><\/i><\/a><a href=\"https:\/\/twitter.com\/intent\/tweet?text=https:\/\/www.instagram.com\/reel\/DXnGVA-COoP\/+Conversas Com Sentidos\ncom @pedropirescoaching \n\nTr\u00eas percepc\u00f5es sobre como vejo o mundo e as hist\u00f3rias que conto acerca disso.\n\nTr\u00eas n\u00edveis de consci\u00eancia: Individua\u00e7\u00e3o, Sist\u00e9mica, Espiritual.\n\nPodes tamb\u00e9m, como \u00e9 nosso apanagio, encontrar uma pratica para poderes experienciar no corpo o que falamos at\u00e9 ent\u00e3o.\" target=\"_blank\" rel=\"noreferrer\" class=\"ft-gallerytwitter-icon\" title=\"Share this post on Twitter\"><i class=\"fa fa-twitter\"><\/i><\/a><a href=\"https:\/\/www.linkedin.com\/shareArticle?mini=true&amp;url=https:\/\/www.instagram.com\/reel\/DXnGVA-COoP\/\" target=\"_blank\" rel=\"noreferrer\" class=\"ft-gallerylinkedin-icon\" title=\"Share this post on Linkedin\"><i class=\"fa fa-linkedin\"><\/i><\/a><a href=\"mailto:?subject=Shared Link&amp;body=https:\/\/www.instagram.com\/reel\/DXnGVA-COoP\/ - Conversas Com Sentidos\ncom @pedropirescoaching \n\nTr\u00eas percepc\u00f5es sobre como vejo o mundo e as hist\u00f3rias que conto acerca disso.\n\nTr\u00eas n\u00edveis de consci\u00eancia: Individua\u00e7\u00e3o, Sist\u00e9mica, Espiritual.\n\nPodes tamb\u00e9m, como \u00e9 nosso apanagio, encontrar uma pratica para poderes experienciar no corpo o que falamos at\u00e9 ent\u00e3o.\" target=\"_blank\" rel=\"noreferrer\" class=\"ft-galleryemail-icon\" title=\"Share this post in your email\"><i class=\"fa fa-envelope\"><\/i><\/a><\/div><\/div>                        <\/div>\n                <\/div>\n                                                <div class=\"slicker-instagram-placeholder fts-instagram-wrapper\" style=\"background-image:url('https:\/\/scontent-atl3-2.cdninstagram.com\/v\/t51.82787-15\/673812822_18582295264060040_8584021872821890494_n.jpg?stp=dst-jpg_e35_tt6&#038;_nc_cat=105&#038;ccb=7-5&#038;_nc_sid=18de74&#038;efg=eyJlZmdfdGFnIjoiQ0xJUFMuYmVzdF9pbWFnZV91cmxnZW4uQzMifQ%3D%3D&#038;_nc_ohc=r8pKHLh_WMIQ7kNvwEQJudC&#038;_nc_oc=AdqyG1YWkYe3iuYKKq98iQnryDOpXX8ug9x8S2sxA4Viz-CZdEEUWY-MpsnrUMyHUh8&#038;_nc_zt=23&#038;_nc_ht=scontent-atl3-2.cdninstagram.com&#038;edm=ANQ71j8EAAAA&#038;_nc_gid=rHQcRkqHy9AzO0Q7mKCS_g&#038;_nc_tpa=Q5bMBQEaleEJrkFxEARy9bQArht_XE798thEgWmsnEJgvdeR2jMacCIJOH44RNz58d3qAevepcQ1C2_M&#038;oh=00_Af0uz6pjNiGEmNWr8yja4u_-l6QjIp7rL-kM5fOPSKNrBA&#038;oe=69F82AC1')\">\n                                            <a href='https:\/\/www.instagram.com\/reel\/DXYy5SQFaCg\/' title='Querida Fam\u00edlia Incarnate,\nDiz-se que um dos caminhos para a Alma se aproximar do Ser Humano \u00e9 brincar de forma divertida e pura, atrav\u00e9s de movimentos.\n\nA\u00ed, o nosso Ser sente-se seguro e livre de se expressar e mostrar quem somos realmente quando deixamos para tr\u00e1s pesos, emo\u00e7\u00f5es e pensamentos do passado, e deixamos que o nosso corpo expresse o que quer e precisa agora.\n\nEsse lugar \u00e9 hoje, bem ao final do dia, em dan\u00e7a espont\u00e2nea, sem passos nem coreografias, sem ningu\u00e9m a olhar para ti, numa sala fechada com vista para jardins, com luzes acolhedoras, com pessoas que tal como tu est\u00e3o ali porque querem e precisam de encontrar um lugar onde se possam sentir livres e seguras.\n\nDan\u00e7amos juntos hoje, das 19h at\u00e9 \u00e0s 21h30, no Centro Upaya, em Lisboa.\n\nDan\u00e7amos porque em tempos dif\u00edceis vale bem a pena celebrar a vida em amor.\n\nVem, \u00e9s bem-vind@!\nLu\u00eds Miguel\n+351 919 398 776' target=\"_blank\" rel=\"noreferrer\" class='fts-instagram-link-target fts-slicker-backg\n                         fts-instagram-img-link' style=\"height:65px !important; width:65px; line-height:65px; font-size:65px;\"><span class=\"fts-instagram-icon\" style=\"height:65px; width:65px; line-height:65px; font-size:65px;\"><\/span><\/a>\n                                                    <div class=\"fts-instagram-video-image-wrapper\"><div class=\"fts-instagram-video-image\"><\/div><\/div>\n                            \n                        <div class='slicker-date'>\n\n                            <div class=\"fts-insta-date-popup-grab\">\n                            1 semana atr\u00e1s                            <\/div>\n                        <\/div>\n                    <div class='slicker-instaG-backg-link'>\n\n                        <div class='slicker-instaG-photoshadow'><\/div>\n                    <\/div>\n                        <div class=\"fts-insta-likes-comments-grab-popup\">\n\n                            <div class=\"fts-share-wrap\"><a href=\"javascript:;\" class=\"ft-gallery-link-popup\" title=\"Social Share Options\"><\/a><div class=\"ft-gallery-share-wrap\"><a href=\"https:\/\/www.facebook.com\/sharer\/sharer.php?u=https:\/\/www.instagram.com\/reel\/DXYy5SQFaCg\/\" target=\"_blank\" rel=\"noreferrer\" class=\"ft-galleryfacebook-icon\" title=\"Share this post on Facebook\"><i class=\"fa fa-facebook-square\"><\/i><\/a><a href=\"https:\/\/twitter.com\/intent\/tweet?text=https:\/\/www.instagram.com\/reel\/DXYy5SQFaCg\/+Querida Fam\u00edlia Incarnate,\nDiz-se que um dos caminhos para a Alma se aproximar do Ser Humano \u00e9 brincar de forma divertida e pura, atrav\u00e9s de movimentos.\n\nA\u00ed, o nosso Ser sente-se seguro e livre de se expressar e mostrar quem somos realmente quando deixamos para tr\u00e1s pesos, emo\u00e7\u00f5es e pensamentos do passado, e deixamos que o nosso corpo expresse o que quer e precisa agora.\n\nEsse lugar \u00e9 hoje, bem ao final do dia, em dan\u00e7a espont\u00e2nea, sem passos nem coreografias, sem ningu\u00e9m a olhar para ti, numa sala fechada com vista para jardins, com luzes acolhedoras, com pessoas que tal como tu est\u00e3o ali porque querem e precisam de encontrar um lugar onde se possam sentir livres e seguras.\n\nDan\u00e7amos juntos hoje, das 19h at\u00e9 \u00e0s 21h30, no Centro Upaya, em Lisboa.\n\nDan\u00e7amos porque em tempos dif\u00edceis vale bem a pena celebrar a vida em amor.\n\nVem, \u00e9s bem-vind@!\nLu\u00eds Miguel\n+351 919 398 776\" target=\"_blank\" rel=\"noreferrer\" class=\"ft-gallerytwitter-icon\" title=\"Share this post on Twitter\"><i class=\"fa fa-twitter\"><\/i><\/a><a href=\"https:\/\/www.linkedin.com\/shareArticle?mini=true&amp;url=https:\/\/www.instagram.com\/reel\/DXYy5SQFaCg\/\" target=\"_blank\" rel=\"noreferrer\" class=\"ft-gallerylinkedin-icon\" title=\"Share this post on Linkedin\"><i class=\"fa fa-linkedin\"><\/i><\/a><a href=\"mailto:?subject=Shared Link&amp;body=https:\/\/www.instagram.com\/reel\/DXYy5SQFaCg\/ - Querida Fam\u00edlia Incarnate,\nDiz-se que um dos caminhos para a Alma se aproximar do Ser Humano \u00e9 brincar de forma divertida e pura, atrav\u00e9s de movimentos.\n\nA\u00ed, o nosso Ser sente-se seguro e livre de se expressar e mostrar quem somos realmente quando deixamos para tr\u00e1s pesos, emo\u00e7\u00f5es e pensamentos do passado, e deixamos que o nosso corpo expresse o que quer e precisa agora.\n\nEsse lugar \u00e9 hoje, bem ao final do dia, em dan\u00e7a espont\u00e2nea, sem passos nem coreografias, sem ningu\u00e9m a olhar para ti, numa sala fechada com vista para jardins, com luzes acolhedoras, com pessoas que tal como tu est\u00e3o ali porque querem e precisam de encontrar um lugar onde se possam sentir livres e seguras.\n\nDan\u00e7amos juntos hoje, das 19h at\u00e9 \u00e0s 21h30, no Centro Upaya, em Lisboa.\n\nDan\u00e7amos porque em tempos dif\u00edceis vale bem a pena celebrar a vida em amor.\n\nVem, \u00e9s bem-vind@!\nLu\u00eds Miguel\n+351 919 398 776\" target=\"_blank\" rel=\"noreferrer\" class=\"ft-galleryemail-icon\" title=\"Share this post in your email\"><i class=\"fa fa-envelope\"><\/i><\/a><\/div><\/div>                        <\/div>\n                <\/div>\n                                                <div class=\"slicker-instagram-placeholder fts-instagram-wrapper\" style=\"background-image:url('https:\/\/scontent-atl3-3.cdninstagram.com\/v\/t51.82787-15\/673012111_18580676725060040_8975747399188779322_n.jpg?stp=dst-jpg_e35_tt6&#038;_nc_cat=110&#038;ccb=7-5&#038;_nc_sid=18de74&#038;efg=eyJlZmdfdGFnIjoiRkVFRC5iZXN0X2ltYWdlX3VybGdlbi5DMyJ9&#038;_nc_ohc=DiiNaMXot1gQ7kNvwHr32Zf&#038;_nc_oc=AdowYQWOFW6aPl6C52t8u5gx1Mvc7v1eel9_DjO629wl_-UsQrdBn-UwkQNEzkVgGyE&#038;_nc_zt=23&#038;_nc_ht=scontent-atl3-3.cdninstagram.com&#038;edm=ANQ71j8EAAAA&#038;_nc_gid=PVYVoA4QwnWnY-nqD3VOjw&#038;_nc_tpa=Q5bMBQFWV804FjknpOp45EiCKCcYiTOaPW6Zx3QPwEahqLW_rIggxRyoih61yzRSb5_UlBjUCB7_7wEh&#038;oh=00_Af3WR38Ofxnmqxh5jArixJg3YGH83OJ-XtOq2-57SHlt3w&#038;oe=69F83E50')\">\n                                            <a href='https:\/\/www.instagram.com\/p\/DXGwmxECJQz\/' title='Querida Fam\u00edlia dan\u00e7ante,\nHoje Dan\u00e7amos !\n\nDan\u00e7amos ao chegar e encontrar o lugar.\nDan\u00e7amos ao come\u00e7ar bem devagarinho. \nNo deixar que o corpo se sinta chamado pela m\u00fasica, pelo som, pelo espa\u00e7o entre os sons.\nUm dedo atr\u00e1s do outro, uma m\u00e3o, um bra\u00e7o, um p\u00e9, outro p\u00e9...\n\nDan\u00e7amos porque o corpo foi feito para se mover.\nDan\u00e7amos porque em cada momento a liga\u00e7\u00e3o ao cora\u00e7\u00e3o aparece mais brilhante, mais pr\u00f3xima.\n\nDan\u00e7amos porque como na vida, o ritmo vai crescendo gradualmente at\u00e9 que a alegria aparece, pura, morna, sorridente, brilhante.\nDan\u00e7amos porque depois dessa alegria, o brilho, a radi\u00e2ncia, a ard\u00eancia do teu Ser se manifesta naquele momento.\nNesse momento lembras-te quem \u00e9s, em verdade.\nNesse momento sabes que existes, ali, livre, magn\u00edfico.\n\nDan\u00e7amos porque \u00e9 um caminho para nos encontrarmos vivos.\nDan\u00e7amos hoje.\n\nCom Amor,\nAt\u00e9 logo!' target=\"_blank\" rel=\"noreferrer\" class='fts-instagram-link-target fts-slicker-backg\n                         fts-instagram-img-link' style=\"height:65px !important; width:65px; line-height:65px; font-size:65px;\"><span class=\"fts-instagram-icon\" style=\"height:65px; width:65px; line-height:65px; font-size:65px;\"><\/span><\/a>\n                        \n                        <div class='slicker-date'>\n\n                            <div class=\"fts-insta-date-popup-grab\">\n                            2 semanas atr\u00e1s                            <\/div>\n                        <\/div>\n                    <div class='slicker-instaG-backg-link'>\n\n                        <div class='slicker-instaG-photoshadow'><\/div>\n                    <\/div>\n                        <div class=\"fts-insta-likes-comments-grab-popup\">\n\n                            <div class=\"fts-share-wrap\"><a href=\"javascript:;\" class=\"ft-gallery-link-popup\" title=\"Social Share Options\"><\/a><div class=\"ft-gallery-share-wrap\"><a href=\"https:\/\/www.facebook.com\/sharer\/sharer.php?u=https:\/\/www.instagram.com\/p\/DXGwmxECJQz\/\" target=\"_blank\" rel=\"noreferrer\" class=\"ft-galleryfacebook-icon\" title=\"Share this post on Facebook\"><i class=\"fa fa-facebook-square\"><\/i><\/a><a href=\"https:\/\/twitter.com\/intent\/tweet?text=https:\/\/www.instagram.com\/p\/DXGwmxECJQz\/+Querida Fam\u00edlia dan\u00e7ante,\nHoje Dan\u00e7amos !\n\nDan\u00e7amos ao chegar e encontrar o lugar.\nDan\u00e7amos ao come\u00e7ar bem devagarinho. \nNo deixar que o corpo se sinta chamado pela m\u00fasica, pelo som, pelo espa\u00e7o entre os sons.\nUm dedo atr\u00e1s do outro, uma m\u00e3o, um bra\u00e7o, um p\u00e9, outro p\u00e9...\n\nDan\u00e7amos porque o corpo foi feito para se mover.\nDan\u00e7amos porque em cada momento a liga\u00e7\u00e3o ao cora\u00e7\u00e3o aparece mais brilhante, mais pr\u00f3xima.\n\nDan\u00e7amos porque como na vida, o ritmo vai crescendo gradualmente at\u00e9 que a alegria aparece, pura, morna, sorridente, brilhante.\nDan\u00e7amos porque depois dessa alegria, o brilho, a radi\u00e2ncia, a ard\u00eancia do teu Ser se manifesta naquele momento.\nNesse momento lembras-te quem \u00e9s, em verdade.\nNesse momento sabes que existes, ali, livre, magn\u00edfico.\n\nDan\u00e7amos porque \u00e9 um caminho para nos encontrarmos vivos.\nDan\u00e7amos hoje.\n\nCom Amor,\nAt\u00e9 logo!\" target=\"_blank\" rel=\"noreferrer\" class=\"ft-gallerytwitter-icon\" title=\"Share this post on Twitter\"><i class=\"fa fa-twitter\"><\/i><\/a><a href=\"https:\/\/www.linkedin.com\/shareArticle?mini=true&amp;url=https:\/\/www.instagram.com\/p\/DXGwmxECJQz\/\" target=\"_blank\" rel=\"noreferrer\" class=\"ft-gallerylinkedin-icon\" title=\"Share this post on Linkedin\"><i class=\"fa fa-linkedin\"><\/i><\/a><a href=\"mailto:?subject=Shared Link&amp;body=https:\/\/www.instagram.com\/p\/DXGwmxECJQz\/ - Querida Fam\u00edlia dan\u00e7ante,\nHoje Dan\u00e7amos !\n\nDan\u00e7amos ao chegar e encontrar o lugar.\nDan\u00e7amos ao come\u00e7ar bem devagarinho. \nNo deixar que o corpo se sinta chamado pela m\u00fasica, pelo som, pelo espa\u00e7o entre os sons.\nUm dedo atr\u00e1s do outro, uma m\u00e3o, um bra\u00e7o, um p\u00e9, outro p\u00e9...\n\nDan\u00e7amos porque o corpo foi feito para se mover.\nDan\u00e7amos porque em cada momento a liga\u00e7\u00e3o ao cora\u00e7\u00e3o aparece mais brilhante, mais pr\u00f3xima.\n\nDan\u00e7amos porque como na vida, o ritmo vai crescendo gradualmente at\u00e9 que a alegria aparece, pura, morna, sorridente, brilhante.\nDan\u00e7amos porque depois dessa alegria, o brilho, a radi\u00e2ncia, a ard\u00eancia do teu Ser se manifesta naquele momento.\nNesse momento lembras-te quem \u00e9s, em verdade.\nNesse momento sabes que existes, ali, livre, magn\u00edfico.\n\nDan\u00e7amos porque \u00e9 um caminho para nos encontrarmos vivos.\nDan\u00e7amos hoje.\n\nCom Amor,\nAt\u00e9 logo!\" target=\"_blank\" rel=\"noreferrer\" class=\"ft-galleryemail-icon\" title=\"Share this post in your email\"><i class=\"fa fa-envelope\"><\/i><\/a><\/div><\/div>                        <\/div>\n                <\/div>\n                                                <div class=\"slicker-instagram-placeholder fts-instagram-wrapper\" style=\"background-image:url('https:\/\/scontent-atl3-2.cdninstagram.com\/v\/t51.82787-15\/669804892_18580405489060040_7482106678672494300_n.jpg?stp=dst-jpg_e35_tt6&#038;_nc_cat=104&#038;ccb=7-5&#038;_nc_sid=18de74&#038;efg=eyJlZmdfdGFnIjoiQ0xJUFMuYmVzdF9pbWFnZV91cmxnZW4uQzMifQ%3D%3D&#038;_nc_ohc=WE4xQCqWAeEQ7kNvwGD3qnc&#038;_nc_oc=AdoSf596Qhkxa-J7IyqrtnPsOvfnpWsVLUN3uYpcm5BHdj8taAB53UvKW5-bTfAZYNA&#038;_nc_zt=23&#038;_nc_ht=scontent-atl3-2.cdninstagram.com&#038;edm=ANQ71j8EAAAA&#038;_nc_gid=wN8OS7jlnOzSPFchu11u7A&#038;_nc_tpa=Q5bMBQGh3sg6bEVzanH3W6itVfXzBuWofGGHRJFYyE5NIcAaVPxUdRbegktAMdoLdXGoMKqOGLx-4coG&#038;oh=00_Af2eQ0zZq3cPvMpPxwqxql6ZhUMty2eGZ4H2f9_aPNV_qA&#038;oe=69F84277')\">\n                                            <a href='https:\/\/www.instagram.com\/reel\/DXDDXqQiImj\/' title='Com Sentidos - Conversas com @pedropirescoaching \n\nRealidade! Perce\u00e7\u00f5es, hist\u00f3rias que crio e acredito, sintomas fisicos, relac\u00f5es, Sistema familiar, o que \u00e9 observa\u00e7\u00e3o vs o que \u00e9 interpreta\u00e7\u00e3o.' target=\"_blank\" rel=\"noreferrer\" class='fts-instagram-link-target fts-slicker-backg\n                         fts-instagram-img-link' style=\"height:65px !important; width:65px; line-height:65px; font-size:65px;\"><span class=\"fts-instagram-icon\" style=\"height:65px; width:65px; line-height:65px; font-size:65px;\"><\/span><\/a>\n                                                    <div class=\"fts-instagram-video-image-wrapper\"><div class=\"fts-instagram-video-image\"><\/div><\/div>\n                            \n                        <div class='slicker-date'>\n\n                            <div class=\"fts-insta-date-popup-grab\">\n                            2 semanas atr\u00e1s                            <\/div>\n                        <\/div>\n                    <div class='slicker-instaG-backg-link'>\n\n                        <div class='slicker-instaG-photoshadow'><\/div>\n                    <\/div>\n                        <div class=\"fts-insta-likes-comments-grab-popup\">\n\n                            <div class=\"fts-share-wrap\"><a href=\"javascript:;\" class=\"ft-gallery-link-popup\" title=\"Social Share Options\"><\/a><div class=\"ft-gallery-share-wrap\"><a href=\"https:\/\/www.facebook.com\/sharer\/sharer.php?u=https:\/\/www.instagram.com\/reel\/DXDDXqQiImj\/\" target=\"_blank\" rel=\"noreferrer\" class=\"ft-galleryfacebook-icon\" title=\"Share this post on Facebook\"><i class=\"fa fa-facebook-square\"><\/i><\/a><a href=\"https:\/\/twitter.com\/intent\/tweet?text=https:\/\/www.instagram.com\/reel\/DXDDXqQiImj\/+Com Sentidos - Conversas com @pedropirescoaching \n\nRealidade! Perce\u00e7\u00f5es, hist\u00f3rias que crio e acredito, sintomas fisicos, relac\u00f5es, Sistema familiar, o que \u00e9 observa\u00e7\u00e3o vs o que \u00e9 interpreta\u00e7\u00e3o.\" target=\"_blank\" rel=\"noreferrer\" class=\"ft-gallerytwitter-icon\" title=\"Share this post on Twitter\"><i class=\"fa fa-twitter\"><\/i><\/a><a href=\"https:\/\/www.linkedin.com\/shareArticle?mini=true&amp;url=https:\/\/www.instagram.com\/reel\/DXDDXqQiImj\/\" target=\"_blank\" rel=\"noreferrer\" class=\"ft-gallerylinkedin-icon\" title=\"Share this post on Linkedin\"><i class=\"fa fa-linkedin\"><\/i><\/a><a href=\"mailto:?subject=Shared Link&amp;body=https:\/\/www.instagram.com\/reel\/DXDDXqQiImj\/ - Com Sentidos - Conversas com @pedropirescoaching \n\nRealidade! Perce\u00e7\u00f5es, hist\u00f3rias que crio e acredito, sintomas fisicos, relac\u00f5es, Sistema familiar, o que \u00e9 observa\u00e7\u00e3o vs o que \u00e9 interpreta\u00e7\u00e3o.\" target=\"_blank\" rel=\"noreferrer\" class=\"ft-galleryemail-icon\" title=\"Share this post in your email\"><i class=\"fa fa-envelope\"><\/i><\/a><\/div><\/div>                        <\/div>\n                <\/div>\n                                                <div class=\"slicker-instagram-placeholder fts-instagram-wrapper\" style=\"background-image:url('https:\/\/scontent-atl3-2.cdninstagram.com\/v\/t51.82787-15\/660196128_18578649808060040_4148554383708758710_n.jpg?stp=dst-jpg_e35_tt6&#038;_nc_cat=104&#038;ccb=7-5&#038;_nc_sid=18de74&#038;efg=eyJlZmdfdGFnIjoiRkVFRC5iZXN0X2ltYWdlX3VybGdlbi5DMyJ9&#038;_nc_ohc=8np034nKJdwQ7kNvwHO3p_-&#038;_nc_oc=AdpVmCIkpShamvlf1fV2xfgqSqBxi4tJkdTwQNPDiywmrUJxsaMWPqmJUbSPLN845Vg&#038;_nc_zt=23&#038;_nc_ht=scontent-atl3-2.cdninstagram.com&#038;edm=ANQ71j8EAAAA&#038;_nc_gid=RlnmOtefYPZnuXYnqppBig&#038;_nc_tpa=Q5bMBQFsk6CLzhEm76OTeiqj-AT-g5md3B25mirlMKmMcLpgqI8O4g1X4fkX1EfPfWBLzfLwfNtgeTHg&#038;oh=00_Af2CJ_nMACfnb15HGkcLQgin1vg4a585UeiawuVqBOvy9Q&#038;oe=69F83849')\">\n                                            <a href='https:\/\/www.instagram.com\/p\/DW0o5zRCJ-M\/' title='O Incarnate Sacred Movement celebrou agora 6 meses de exist\u00eancia e chegou ao seu lugar no mundo:\n\nFeminino e Masculino Lado a Lado.\n\nCorpos Femininos ou Masculinos.\nMovimentos com energia Masculina ou Feminina.\n\nDan\u00e7as em fluidez e espontaneidade, a tocar partes do corpo adormecidas, que tinham saudades de se mexer.\n\nSequ\u00eancias musicais plenas de Alma e alegrias, com partes profundas de transforma\u00e7\u00e3o e evolu\u00e7\u00e3o incarnada em diversos tons, sons e sil\u00eancios.\n\nA proximidade com sons da natureza. Com sons tribais. Com o revisitar lugares ancestrais de rituais onde se tocava a dignidade e honra humana, lugares sagrados de presen\u00e7a.\n\nPraticamente sem navega\u00e7\u00e3o, \u00e9 no sentir da m\u00fasica que chega e convida a que o que \u00e9 se expresse de dentro e se materialize mais em Yin Yang.\n\nIncarnate tem divers\u00e3o, movimento, bem estar, partilha, escuta, inten\u00e7\u00e3o e prop\u00f3sito.\nTem autenticidade e Ser.\n\nConvido-te a experimentares-te no Grupo Regular, \u00e0s Ter\u00e7as-Feiras no @centroupaya em Lisboa, das 19h \u00e0s 21h30.\n\nMais informa\u00e7\u00f5es em mensagem direta para mim ou atrav\u00e9s do +351 919 398 776.\n\nSe quiseres ser adicionada\/o ao grupo de WhatsApp, diz-me, e eu cuido disso.\nLu\u00eds Miguel Trindade' target=\"_blank\" rel=\"noreferrer\" class='fts-instagram-link-target fts-slicker-backg\n                         fts-instagram-img-link' style=\"height:65px !important; width:65px; line-height:65px; font-size:65px;\"><span class=\"fts-instagram-icon\" style=\"height:65px; width:65px; line-height:65px; font-size:65px;\"><\/span><\/a>\n                        \n                        <div class='slicker-date'>\n\n                            <div class=\"fts-insta-date-popup-grab\">\n                            3 semanas atr\u00e1s                            <\/div>\n                        <\/div>\n                    <div class='slicker-instaG-backg-link'>\n\n                        <div class='slicker-instaG-photoshadow'><\/div>\n                    <\/div>\n                        <div class=\"fts-insta-likes-comments-grab-popup\">\n\n                            <div class=\"fts-share-wrap\"><a href=\"javascript:;\" class=\"ft-gallery-link-popup\" title=\"Social Share Options\"><\/a><div class=\"ft-gallery-share-wrap\"><a href=\"https:\/\/www.facebook.com\/sharer\/sharer.php?u=https:\/\/www.instagram.com\/p\/DW0o5zRCJ-M\/\" target=\"_blank\" rel=\"noreferrer\" class=\"ft-galleryfacebook-icon\" title=\"Share this post on Facebook\"><i class=\"fa fa-facebook-square\"><\/i><\/a><a href=\"https:\/\/twitter.com\/intent\/tweet?text=https:\/\/www.instagram.com\/p\/DW0o5zRCJ-M\/+O Incarnate Sacred Movement celebrou agora 6 meses de exist\u00eancia e chegou ao seu lugar no mundo:\n\nFeminino e Masculino Lado a Lado.\n\nCorpos Femininos ou Masculinos.\nMovimentos com energia Masculina ou Feminina.\n\nDan\u00e7as em fluidez e espontaneidade, a tocar partes do corpo adormecidas, que tinham saudades de se mexer.\n\nSequ\u00eancias musicais plenas de Alma e alegrias, com partes profundas de transforma\u00e7\u00e3o e evolu\u00e7\u00e3o incarnada em diversos tons, sons e sil\u00eancios.\n\nA proximidade com sons da natureza. Com sons tribais. Com o revisitar lugares ancestrais de rituais onde se tocava a dignidade e honra humana, lugares sagrados de presen\u00e7a.\n\nPraticamente sem navega\u00e7\u00e3o, \u00e9 no sentir da m\u00fasica que chega e convida a que o que \u00e9 se expresse de dentro e se materialize mais em Yin Yang.\n\nIncarnate tem divers\u00e3o, movimento, bem estar, partilha, escuta, inten\u00e7\u00e3o e prop\u00f3sito.\nTem autenticidade e Ser.\n\nConvido-te a experimentares-te no Grupo Regular, \u00e0s Ter\u00e7as-Feiras no @centroupaya em Lisboa, das 19h \u00e0s 21h30.\n\nMais informa\u00e7\u00f5es em mensagem direta para mim ou atrav\u00e9s do +351 919 398 776.\n\nSe quiseres ser adicionada\/o ao grupo de WhatsApp, diz-me, e eu cuido disso.\nLu\u00eds Miguel Trindade\" target=\"_blank\" rel=\"noreferrer\" class=\"ft-gallerytwitter-icon\" title=\"Share this post on Twitter\"><i class=\"fa fa-twitter\"><\/i><\/a><a href=\"https:\/\/www.linkedin.com\/shareArticle?mini=true&amp;url=https:\/\/www.instagram.com\/p\/DW0o5zRCJ-M\/\" target=\"_blank\" rel=\"noreferrer\" class=\"ft-gallerylinkedin-icon\" title=\"Share this post on Linkedin\"><i class=\"fa fa-linkedin\"><\/i><\/a><a href=\"mailto:?subject=Shared Link&amp;body=https:\/\/www.instagram.com\/p\/DW0o5zRCJ-M\/ - O Incarnate Sacred Movement celebrou agora 6 meses de exist\u00eancia e chegou ao seu lugar no mundo:\n\nFeminino e Masculino Lado a Lado.\n\nCorpos Femininos ou Masculinos.\nMovimentos com energia Masculina ou Feminina.\n\nDan\u00e7as em fluidez e espontaneidade, a tocar partes do corpo adormecidas, que tinham saudades de se mexer.\n\nSequ\u00eancias musicais plenas de Alma e alegrias, com partes profundas de transforma\u00e7\u00e3o e evolu\u00e7\u00e3o incarnada em diversos tons, sons e sil\u00eancios.\n\nA proximidade com sons da natureza. Com sons tribais. Com o revisitar lugares ancestrais de rituais onde se tocava a dignidade e honra humana, lugares sagrados de presen\u00e7a.\n\nPraticamente sem navega\u00e7\u00e3o, \u00e9 no sentir da m\u00fasica que chega e convida a que o que \u00e9 se expresse de dentro e se materialize mais em Yin Yang.\n\nIncarnate tem divers\u00e3o, movimento, bem estar, partilha, escuta, inten\u00e7\u00e3o e prop\u00f3sito.\nTem autenticidade e Ser.\n\nConvido-te a experimentares-te no Grupo Regular, \u00e0s Ter\u00e7as-Feiras no @centroupaya em Lisboa, das 19h \u00e0s 21h30.\n\nMais informa\u00e7\u00f5es em mensagem direta para mim ou atrav\u00e9s do +351 919 398 776.\n\nSe quiseres ser adicionada\/o ao grupo de WhatsApp, diz-me, e eu cuido disso.\nLu\u00eds Miguel Trindade\" target=\"_blank\" rel=\"noreferrer\" class=\"ft-galleryemail-icon\" title=\"Share this post in your email\"><i class=\"fa fa-envelope\"><\/i><\/a><\/div><\/div>                        <\/div>\n                <\/div>\n                    <\/div>                        <div class=\"instagram-social-btn-bottom\"><a href=\"https:\/\/instagram.com\/luistrindade.pt\/\" target=\"_blank\" rel=\"noreferrer\">Follow on Instagram<\/a><\/div>                <script>\n                    \/\/ This needs to load here below the feed to load properly for\n                    \/\/ Elementor page preview, and also some types of tabs that use js to load.\n                    document.addEventListener(\"DOMContentLoaded\", function(event) {\n                        if (typeof slickremixImageResizing === 'function') {\n                            slickremixImageResizing();\n                        }\n                        if (typeof ftsShare === 'function') {\n                            ftsShare();\n                        }\n                    });\n                <\/script>\n                [\/et_pb_fullwidth_code][\/et_pb_section][et_pb_section fb_built=&#8221;1&#8243; specialty=&#8221;on&#8221; padding_2_tablet=&#8221;60px|50px|60px|50px|true|true&#8221; admin_label=&#8221;Footer&#8221; _builder_version=&#8221;4.3.4&#8243; background_color_gradient_direction=&#8221;90deg&#8221; min_height=&#8221;543px&#8221; custom_margin=&#8221;||6px|||&#8221; custom_padding=&#8221;71px||20px|||&#8221; global_module=&#8221;2662&#8243; global_colors_info=&#8221;{}&#8221;][et_pb_column type=&#8221;1_2&#8243; specialty_columns=&#8221;2&#8243; _builder_version=&#8221;4.16&#8243; custom_padding=&#8221;|||&#8221; global_colors_info=&#8221;{}&#8221; custom_padding__hover=&#8221;|||&#8221;][et_pb_row_inner _builder_version=&#8221;4.20.1&#8243; custom_padding=&#8221;||||false|false&#8221; hover_enabled=&#8221;0&#8243; global_colors_info=&#8221;{}&#8221; custom_margin=&#8221;34px||||false|false&#8221; sticky_enabled=&#8221;0&#8243;][et_pb_column_inner saved_specialty_column_type=&#8221;1_2&#8243; _builder_version=&#8221;4.16&#8243; custom_padding=&#8221;|||&#8221; global_colors_info=&#8221;{}&#8221; custom_padding__hover=&#8221;|||&#8221;][et_pb_text _builder_version=&#8221;4.20.1&#8243; text_font=&#8221;fibralight|700|||||||&#8221; text_font_size=&#8221;24px&#8221; header_font=&#8221;fibralight||||||||&#8221; header_4_font=&#8221;fibralight||||||||&#8221; header_4_font_size=&#8221;24px&#8221; text_orientation=&#8221;center&#8221; min_height=&#8221;26px&#8221; custom_margin=&#8221;||10px|||&#8221; custom_padding=&#8221;||12px|||&#8221; global_colors_info=&#8221;{}&#8221;]<\/p>\n<h2><strong>Redes sociais<\/strong><\/h2>\n<p>[\/et_pb_text][et_pb_social_media_follow _builder_version=&#8221;4.20.1&#8243; text_orientation=&#8221;center&#8221; global_colors_info=&#8221;{}&#8221;][et_pb_social_media_follow_network social_network=&#8221;facebook&#8221; url=&#8221;https:\/\/www.facebook.com\/LuisMiguelTrindadeCreativeLifeChange\/&#8221; _builder_version=&#8221;4.20.1&#8243; background_color=&#8221;#3b5998&#8243; global_colors_info=&#8221;{}&#8221; follow_button=&#8221;off&#8221; url_new_window=&#8221;on&#8221;]facebook[\/et_pb_social_media_follow_network][et_pb_social_media_follow_network social_network=&#8221;instagram&#8221; url=&#8221;https:\/\/www.instagram.com\/luistrindade.pt\/&#8221; _builder_version=&#8221;4.16&#8243; background_color=&#8221;#ea2c59&#8243; global_colors_info=&#8221;{}&#8221; follow_button=&#8221;off&#8221; url_new_window=&#8221;on&#8221;]instagram[\/et_pb_social_media_follow_network][et_pb_social_media_follow_network social_network=&#8221;linkedin&#8221; url=&#8221;https:\/\/www.linkedin.com\/in\/luismtrindade&#8221; _builder_version=&#8221;4.16&#8243; background_color=&#8221;#007bb6&#8243; global_colors_info=&#8221;{}&#8221; follow_button=&#8221;off&#8221; url_new_window=&#8221;on&#8221;]linkedin[\/et_pb_social_media_follow_network][et_pb_social_media_follow_network social_network=&#8221;youtube&#8221; url=&#8221;https:\/\/www.youtube.com\/channel\/UCq5LmQDFYQpAi5v5Y318Ghw&#8221; _builder_version=&#8221;4.16&#8243; background_color=&#8221;#a82400&#8243; global_colors_info=&#8221;{}&#8221; follow_button=&#8221;off&#8221; url_new_window=&#8221;on&#8221;]youtube[\/et_pb_social_media_follow_network][\/et_pb_social_media_follow][et_pb_text _builder_version=&#8221;4.20.1&#8243; text_font=&#8221;fibralight|700|||||||&#8221; text_font_size=&#8221;24px&#8221; header_font=&#8221;fibralight||||||||&#8221; header_4_font=&#8221;fibralight||||||||&#8221; header_4_font_size=&#8221;24px&#8221; text_orientation=&#8221;center&#8221; min_height=&#8221;26px&#8221; custom_margin=&#8221;||10px|||&#8221; global_colors_info=&#8221;{}&#8221;]<\/p>\n<p>Love letter &#8220;Mulheres e Homens&#8221;<\/p>\n<p>[\/et_pb_text][et_pb_text _builder_version=&#8221;4.20.1&#8243; text_font=&#8221;fibralight||||||||&#8221; text_font_size=&#8221;16px&#8221; custom_margin=&#8221;16px|||||&#8221; global_colors_info=&#8221;{}&#8221;]<\/p>\n<p style=\"text-align: center;\">Subscrever a Love letter com envios regulares.<\/p>\n<p style=\"text-align: center;\">Os teus dados nunca ser\u00e3o fornecidos a outr@s, eu prezo a tua privacidade.<\/p>\n<p style=\"text-align: center;\">O tratamento dos teus dados ser\u00e1 efectuado conforme definido na<br \/><span style=\"text-decoration: underline;\"><a href=\"https:\/\/www.luis-trindade.com\/politica-de-privacidade\/\" target=\"_blank\" rel=\"noopener noreferrer\">Pol\u00edtica de privacidade<\/a><\/span>.<\/p>\n<p>[\/et_pb_text][et_pb_button button_url=&#8221;https:\/\/www.luis-trindade.com\/contactos\/#subscrevernewsletter&#8221; url_new_window=&#8221;on&#8221; button_text=&#8221;Subscrever aqui&#8221; button_alignment=&#8221;center&#8221; _builder_version=&#8221;4.20.1&#8243; custom_button=&#8221;on&#8221; button_text_color=&#8221;#FFFFFF&#8221; button_bg_color=&#8221;#f88d00&#8243; button_border_width=&#8221;0px&#8221; button_border_radius=&#8221;100px&#8221; button_font=&#8221;fibralight|700|||||||&#8221; button_use_icon=&#8221;off&#8221; background_layout=&#8221;dark&#8221; custom_margin=&#8221;-11px||37px|||&#8221; global_colors_info=&#8221;{}&#8221;][\/et_pb_button][\/et_pb_column_inner][\/et_pb_row_inner][\/et_pb_column][et_pb_column type=&#8221;1_2&#8243; _builder_version=&#8221;4.16&#8243; custom_padding=&#8221;|||&#8221; global_colors_info=&#8221;{}&#8221; padding_tablet=&#8221;60px|50px|60px|50px|true|true&#8221; custom_padding__hover=&#8221;|||&#8221;][et_pb_text _builder_version=&#8221;4.20.1&#8243; _dynamic_attributes=&#8221;link_option_url&#8221; text_font=&#8221;fibralight||||||||&#8221; text_text_color=&#8221;#FFFFFF&#8221; text_font_size=&#8221;17px&#8221; text_line_height=&#8221;1.9em&#8221; link_font=&#8221;fibralight||||||||&#8221; link_text_color=&#8221;#FFFFFF&#8221; ul_font=&#8221;fibralight||||||||&#8221; ol_font=&#8221;||||||||&#8221; quote_font=&#8221;||||||||&#8221; header_font=&#8221;fibralight||||||||&#8221; header_text_color=&#8221;#FFFFFF&#8221; header_font_size=&#8221;40px&#8221; header_2_font=&#8221;fibralight||||||||&#8221; header_2_text_color=&#8221;#FFFFFF&#8221; header_2_font_size=&#8221;40px&#8221; header_2_line_height=&#8221;1.5em&#8221; header_3_font=&#8221;||||||||&#8221; header_3_text_color=&#8221;#FFFFFF&#8221; header_4_font=&#8221;fibralight|700|||||||&#8221; header_4_text_color=&#8221;#FFFFFF&#8221; header_4_font_size=&#8221;16px&#8221; header_4_line_height=&#8221;1.5em&#8221; header_5_text_color=&#8221;#3A677D&#8221; header_6_text_color=&#8221;#3A677D&#8221; background_enable_color=&#8221;off&#8221; background_layout=&#8221;dark&#8221; width=&#8221;70%&#8221; module_alignment=&#8221;center&#8221; custom_margin=&#8221;|||&#8221; custom_padding=&#8221;||||true|true&#8221; link_option_url=&#8221;@ET-DC@eyJkeW5hbWljIjp0cnVlLCJjb250ZW50IjoicG9zdF9saW5rX3VybF9wYWdlIiwic2V0dGluZ3MiOnsicG9zdF9pZCI6IjIwMyJ9fQ==@&#8221; link_option_url_new_window=&#8221;on&#8221; header_font_size_tablet=&#8221;30px&#8221; header_font_size_phone=&#8221;24px&#8221; header_font_size_last_edited=&#8221;on|phone&#8221; header_2_font_size_tablet=&#8221;30px&#8221; header_2_font_size_phone=&#8221;&#8221; header_2_font_size_last_edited=&#8221;on|tablet&#8221; box_shadow_style=&#8221;preset3&#8243; box_shadow_vertical=&#8221;0px&#8221; box_shadow_blur=&#8221;0px&#8221; box_shadow_spread=&#8221;0px&#8221; global_colors_info=&#8221;{}&#8221;]<\/p>\n<p><img loading=\"lazy\" decoding=\"async\" src=\"https:\/\/www.luis-trindade.com\/wp-content\/uploads\/2026\/01\/contacto-brilhante-transparente.png\" width=\"1024\" height=\"1024\" alt=\"\" class=\"wp-image-3916 alignnone size-full\" style=\"display: block; margin-left: auto; margin-right: auto;\" srcset=\"https:\/\/www.luis-trindade.com\/wp-content\/uploads\/2026\/01\/contacto-brilhante-transparente.png 1024w, https:\/\/www.luis-trindade.com\/wp-content\/uploads\/2026\/01\/contacto-brilhante-transparente-980x980.png 980w, https:\/\/www.luis-trindade.com\/wp-content\/uploads\/2026\/01\/contacto-brilhante-transparente-480x480.png 480w\" sizes=\"(min-width: 0px) and (max-width: 480px) 480px, (min-width: 481px) and (max-width: 980px) 980px, (min-width: 981px) 1024px, 100vw\" \/><\/p>\n<p>[\/et_pb_text][\/et_pb_column][\/et_pb_section]<\/p>\n","protected":false},"excerpt":{"rendered":"<p>Lu\u00eds Trindade &#8211; Creative Life Change<\/p>","protected":false},"author":1,"featured_media":460,"parent":0,"menu_order":0,"comment_status":"closed","ping_status":"closed","template":"","meta":{"_et_pb_use_builder":"on","_et_pb_old_content":"","_et_gb_content_width":"","_joinchat":[],"footnotes":""},"_links":{"self":[{"href":"https:\/\/www.luis-trindade.com\/en\/wp-json\/wp\/v2\/pages\/61"}],"collection":[{"href":"https:\/\/www.luis-trindade.com\/en\/wp-json\/wp\/v2\/pages"}],"about":[{"href":"https:\/\/www.luis-trindade.com\/en\/wp-json\/wp\/v2\/types\/page"}],"author":[{"embeddable":true,"href":"https:\/\/www.luis-trindade.com\/en\/wp-json\/wp\/v2\/users\/1"}],"replies":[{"embeddable":true,"href":"https:\/\/www.luis-trindade.com\/en\/wp-json\/wp\/v2\/comments?post=61"}],"version-history":[{"count":344,"href":"https:\/\/www.luis-trindade.com\/en\/wp-json\/wp\/v2\/pages\/61\/revisions"}],"predecessor-version":[{"id":3993,"href":"https:\/\/www.luis-trindade.com\/en\/wp-json\/wp\/v2\/pages\/61\/revisions\/3993"}],"wp:featuredmedia":[{"embeddable":true,"href":"https:\/\/www.luis-trindade.com\/en\/wp-json\/wp\/v2\/media\/460"}],"wp:attachment":[{"href":"https:\/\/www.luis-trindade.com\/en\/wp-json\/wp\/v2\/media?parent=61"}],"curies":[{"name":"wp","href":"https:\/\/api.w.org\/{rel}","templated":true}]}}