{"id":3765,"date":"2025-06-28T07:54:29","date_gmt":"2025-06-28T07:54:29","guid":{"rendered":"https:\/\/www.luis-trindade.com\/?page_id=3765"},"modified":"2026-04-03T10:15:55","modified_gmt":"2026-04-03T10:15:55","slug":"origem-incarnate","status":"publish","type":"page","link":"https:\/\/www.luis-trindade.com\/en\/origem-incarnate\/","title":{"rendered":"Origem Incarnate"},"content":{"rendered":"<p>[et_pb_section fb_built=&#8221;1&#8243; _builder_version=&#8221;4.20.1&#8243; _module_preset=&#8221;default&#8221; min_height=&#8221;301.9px&#8221; custom_padding=&#8221;10px||0px|||&#8221; global_colors_info=&#8221;{}&#8221;][et_pb_row _builder_version=&#8221;4.20.1&#8243; _module_preset=&#8221;default&#8221; custom_padding=&#8221;3px||12px|||&#8221; global_colors_info=&#8221;{}&#8221;][et_pb_column type=&#8221;4_4&#8243; _builder_version=&#8221;4.20.1&#8243; _module_preset=&#8221;default&#8221; global_colors_info=&#8221;{}&#8221;][et_pb_image src=&#8221;https:\/\/www.luis-trindade.com\/wp-content\/uploads\/2025\/11\/Logo-e-Lettering-fundo-Transparente-Website-1.png&#8221; title_text=&#8221;Logo e Lettering fundo Transparente Website&#8221; _builder_version=&#8221;4.20.1&#8243; _module_preset=&#8221;default&#8221; max_width=&#8221;85%&#8221; module_alignment=&#8221;center&#8221; custom_margin=&#8221;||20px|||&#8221; custom_padding=&#8221;||0px|||&#8221; global_colors_info=&#8221;{}&#8221;][\/et_pb_image][\/et_pb_column][\/et_pb_row][\/et_pb_section][et_pb_section fb_built=&#8221;1&#8243; _builder_version=&#8221;4.20.1&#8243; _module_preset=&#8221;default&#8221; min_height=&#8221;879.9px&#8221; custom_margin=&#8221;||-13px|||&#8221; custom_padding=&#8221;0px||1px|||&#8221; global_colors_info=&#8221;{}&#8221;][et_pb_row _builder_version=&#8221;4.16&#8243; custom_padding=&#8221;0px||2px|||&#8221; global_colors_info=&#8221;{}&#8221;][et_pb_column type=&#8221;4_4&#8243; _builder_version=&#8221;4.16&#8243; custom_padding=&#8221;|||&#8221; global_colors_info=&#8221;{}&#8221; custom_padding__hover=&#8221;|||&#8221;][et_pb_text _builder_version=&#8221;4.20.1&#8243; text_font=&#8221;fibralight|700|||||||&#8221; text_font_size=&#8221;24px&#8221; header_font=&#8221;fibralight||||||||&#8221; header_4_font=&#8221;fibralight||||||||&#8221; header_4_font_size=&#8221;24px&#8221; text_orientation=&#8221;center&#8221; custom_margin=&#8221;10px||24px||false|false&#8221; custom_padding=&#8221;28px|||||&#8221; global_colors_info=&#8221;{}&#8221;]<\/p>\n<p>INCARNATE<\/p>\n<p>[\/et_pb_text][et_pb_text _builder_version=&#8221;4.20.1&#8243; text_font=&#8221;fibralight|700|||||||&#8221; text_font_size=&#8221;24px&#8221; header_font=&#8221;fibralight||||||||&#8221; header_4_font=&#8221;fibralight||||||||&#8221; header_4_font_size=&#8221;24px&#8221; text_orientation=&#8221;center&#8221; min_height=&#8221;26px&#8221; custom_margin=&#8221;-15px||8px|||&#8221; custom_padding=&#8221;||6px|||&#8221; global_colors_info=&#8221;{}&#8221;]<\/p>\n<h3>Origem<\/h3>\n<p>[\/et_pb_text][et_pb_text _builder_version=&#8221;4.20.1&#8243; text_font=&#8221;fibralight||||||||&#8221; text_font_size=&#8221;16px&#8221; width=&#8221;95%&#8221; module_alignment=&#8221;center&#8221; custom_margin=&#8221;||0px||false|false&#8221; custom_padding=&#8221;8px||2px|||&#8221; global_colors_info=&#8221;{}&#8221;]<\/p>\n<p style=\"text-align: center;\">A hist\u00f3ria<\/p>\n<p style=\"text-align: center;\">Nota pr\u00e9via: este texto n\u00e3o \u00e9 acerca de religi\u00f5es, \u00e9 acerca de espa\u00e7os sagrados.<\/p>\n<p style=\"text-align: center;\">Uma imensa Saudade de me deixar desaparecer em espa\u00e7os Sagrados.<\/p>\n<p style=\"text-align: center;\">Na minha educa\u00e7\u00e3o a religi\u00e3o esteve muito presente. Desde muito crian\u00e7a muito envolvido, com f\u00e9 e educa\u00e7\u00e3o religiosa formal, com cren\u00e7as, rituais e celebra\u00e7\u00f5es, em devo\u00e7\u00e3o e no honrar algo maior, algo em que acreditar bem dentro de mim, para al\u00e9m do vis\u00edvel.<br \/>A disciplina, regularidade, lugares e tempo lento onde o divino pode manifestar-se e relembrar-me da gratid\u00e3o \u00e0 minha exist\u00eancia.<\/p>\n<p style=\"text-align: center;\">Estive zangado com essa minha religi\u00e3o. Por anos sentia essa raiva, culpava o que achava injusto e o que n\u00e3o queria que acontecesse neste mundo. Visitei outras religi\u00f5es e experimentei-me tamb\u00e9m nesses lugares. Essa minha zanga tamb\u00e9m foi passando, bendi\u00e7\u00e3o que vem da experi\u00eancia que a idade traz a cada momento, com a aceita\u00e7\u00e3o em mim de que \u00e9 o homem que faz coisas que me custam horrores, de que o homem \u00e9 capaz de tudo e por isso posso eu pr\u00f3prio fazer diferente, escolher diferente, manifestar diferente nesta mesma exist\u00eancia e de acordo com a minha total responsabilidade.<\/p>\n<p style=\"text-align: center;\">Fui encontrando diversos outros espa\u00e7os sagrados tamb\u00e9m fora de igrejas e em visitas a in\u00fameros templos, muitos deles constru\u00eddos por humanos, e tamb\u00e9m de outros que encontrei na natureza, como cascatas que surgem depois de uma floresta, de um p\u00f4r do sol numa praia deserta silenciosa, um nascer do sol no topo de uma montanha e olhares perdidos no mundo infind\u00e1vel das estrelas, uma medita\u00e7\u00e3o constante quer na pr\u00e1tica de lavar a loi\u00e7a, no sitting matinal, no mantra, no rezar, na can\u00e7\u00e3o que eleva o esp\u00edrito e acalenta a alma, o que acalma o cora\u00e7\u00e3o e me faz sorrir sem que eu me aperceba.<\/p>\n<p style=\"text-align: center;\">Essa grande sensa\u00e7\u00e3o de divino remanesce forte dentro de mim. Uma presen\u00e7a avassaladora que enche o meu espa\u00e7o interior em rendi\u00e7\u00e3o a que &#8220;fa\u00e7o parte de algo maior&#8221;.<\/p>\n<p style=\"text-align: center;\">Ao longo da minha vida fui perdendo a minha pr\u00e1tica regular. A ac\u00e7\u00e3o de visitar Espa\u00e7os sagrados com cad\u00eancia e rever\u00eancia plenas. Uma disciplina, a vida de treino como ac\u00e7\u00e3o regular de conex\u00e3o, a que me traz a liga\u00e7\u00e3o a esse algo que vai bem para al\u00e9m de mim pr\u00f3prio. Espa\u00e7os f\u00edsicos, onde me sinta bem e em aceita\u00e7\u00e3o, sem liga\u00e7\u00e3o a religi\u00e3o, ligado a algo maior e em ambientes seguros onde uma sensa\u00e7\u00e3o do divino, de um deus universal que conecte tudo e todos sem exclus\u00e3o e onde essas energias divinas possam sussurar o que precisa de ser ouvido, o que precisa de ser visto em cada um de n\u00f3s.<\/p>\n<p style=\"text-align: center;\">Quando me refiro ao Incarnate como um espa\u00e7o sagrado, \u00e9 isso que pretendo recuperar em mim.<\/p>\n<p style=\"text-align: center;\">Abrir semanalmente um espa\u00e7o onde essa liga\u00e7\u00e3o a algo maior seja convidada a chegar e a permanecer.<\/p>\n<p style=\"text-align: center;\">Atrav\u00e9s do acolhimento \u00e0 chegada, da partilha de como chego. Atrav\u00e9s da escuta silenciosa e do espa\u00e7o que vai de mim \u00e0 outra pessoa, de mim ao meu pr\u00f3prio cora\u00e7\u00e3o e ao que estou a sentir.<\/p>\n<p style=\"text-align: center;\">A partir da Dan\u00e7a semanal, de escutar as m\u00fasicas, de deixar o corpo entregar-se aos impulsos que lhe chegam pelos sons, harmonias, compassos e tons, cores, luzes e contacto com o ch\u00e3o com p\u00e9 descal\u00e7o, com m\u00e3os e bra\u00e7os que rebolam no ar e no ch\u00e3o conforme a espontanea cria\u00e7\u00e3o assim convide, essa informa\u00e7\u00e3o org\u00e3nica que vem das c\u00e9lulas que reservam a mem\u00f3ria ancestral de Ser.<br \/>De celebrar a vida e a morte, de permitir que a cabe\u00e7a se arrume no todo, perto dos outros peda\u00e7os do corpo.<\/p>\n<p style=\"text-align: center;\">No fim, uma partilha Humana. Em qualquer formato, com ou sem sons.<\/p>\n<p style=\"text-align: center;\">Isto tudo sem \u00e1lcool, sem drogas, estimulantes ou calmantes, toques apenas em permiss\u00e3o e com limites claros do que \u00e9 ou n\u00e3o ok para que o espa\u00e7o seja seguro e fluido.<\/p>\n<p>[\/et_pb_text][et_pb_text _builder_version=&#8221;4.20.1&#8243; text_font=&#8221;fibralight||||||||&#8221; text_font_size=&#8221;16px&#8221; width=&#8221;95%&#8221; module_alignment=&#8221;center&#8221; custom_margin=&#8221;||||false|false&#8221; custom_padding=&#8221;21px||10px|||&#8221; global_colors_info=&#8221;{}&#8221;]<\/p>\n<p style=\"text-align: center;\"><span>Encontros com regularidade semanal ou quinzenal.<br \/><\/span><span><\/span><\/p>\n<p style=\"text-align: center;\"><span>Planeamento para 2026:<\/span><\/p>\n<p style=\"text-align: center;\">Ter\u00e7as-Feiras das 19h \u00e0s 21h30 em Lisboa<\/p>\n<p style=\"text-align: center;\">\n<p style=\"text-align: center;\"><span> Clica no bot\u00e3o abaixo para seres adicionad@ ao grupo WhatsApp e teres acesso imediato a informa\u00e7\u00e3o regular:<\/span><\/p>\n<p>[\/et_pb_text][et_pb_button button_url=&#8221;https:\/\/chat.whatsapp.com\/LSWXaujFiV4BHbbfvpPqos&#8221; url_new_window=&#8221;on&#8221; button_text=&#8221;Entrar no grupo INCARNATE no WhatsApp&#8221; button_alignment=&#8221;center&#8221; _builder_version=&#8221;4.20.1&#8243; custom_button=&#8221;on&#8221; button_text_size=&#8221;16px&#8221; button_text_color=&#8221;#FFFFFF&#8221; button_bg_color=&#8221;#f88d00&#8243; button_border_width=&#8221;0px&#8221; button_border_radius=&#8221;100px&#8221; button_font=&#8221;fibralight|700|||||||&#8221; button_use_icon=&#8221;off&#8221; background_layout=&#8221;dark&#8221; custom_margin=&#8221;-19px||-3px|||&#8221; global_colors_info=&#8221;{}&#8221;][\/et_pb_button][et_pb_image src=&#8221;https:\/\/www.luis-trindade.com\/wp-content\/uploads\/2025\/11\/Incarnate-www-Imagem-baixo-Gold-alternativa-2-fundo-transparente.png&#8221; title_text=&#8221;Incarnate www Imagem baixo Gold alternativa 2 fundo transparente&#8221; _builder_version=&#8221;4.20.1&#8243; _module_preset=&#8221;default&#8221; max_width=&#8221;65%&#8221; module_alignment=&#8221;center&#8221; custom_margin=&#8221;16px||10px|||&#8221; custom_padding=&#8221;||0px|||&#8221; global_colors_info=&#8221;{}&#8221;][\/et_pb_image][\/et_pb_column][\/et_pb_row][\/et_pb_section][et_pb_section fb_built=&#8221;1&#8243; _builder_version=&#8221;4.20.1&#8243; _module_preset=&#8221;default&#8221; custom_padding=&#8221;15px||8px|||&#8221; global_colors_info=&#8221;{}&#8221;][et_pb_row _builder_version=&#8221;4.20.1&#8243; _module_preset=&#8221;default&#8221; global_colors_info=&#8221;{}&#8221;][et_pb_column type=&#8221;4_4&#8243; _builder_version=&#8221;4.20.1&#8243; _module_preset=&#8221;default&#8221; global_colors_info=&#8221;{}&#8221;][et_pb_image src=&#8221;https:\/\/www.luis-trindade.com\/wp-content\/uploads\/2026\/01\/contacto-brilhante-transparente.png&#8221; title_text=&#8221;contacto brilhante transparente&#8221; _builder_version=&#8221;4.20.1&#8243; _module_preset=&#8221;default&#8221; width=&#8221;30%&#8221; module_alignment=&#8221;center&#8221; global_colors_info=&#8221;{}&#8221;][\/et_pb_image][et_pb_text _builder_version=&#8221;4.20.1&#8243; text_font=&#8221;fibralight||||||||&#8221; text_font_size=&#8221;16px&#8221; width=&#8221;95%&#8221; module_alignment=&#8221;center&#8221; custom_margin=&#8221;29px||0px||false|false&#8221; custom_padding=&#8221;0px||0px||false|false&#8221; global_colors_info=&#8221;{}&#8221;]<\/p>\n<h6 style=\"text-align: center;\">Originado pela Alma, alicer\u00e7ado nos Corpos, enamorado dentro do Cora\u00e7\u00e3o.<br \/>\u00a9 2025 INCARNATE<\/h6>\n<p>[\/et_pb_text][\/et_pb_column][\/et_pb_row][\/et_pb_section]<\/p>\n","protected":false},"excerpt":{"rendered":"<p>INCARNATEOrigemA hist\u00f3ria Nota pr\u00e9via: este texto n\u00e3o \u00e9 acerca de religi\u00f5es, \u00e9 acerca de espa\u00e7os sagrados. Uma imensa Saudade de me deixar desaparecer em espa\u00e7os Sagrados. Na minha educa\u00e7\u00e3o a religi\u00e3o esteve muito presente. Desde muito crian\u00e7a muito envolvido, com f\u00e9 e educa\u00e7\u00e3o religiosa formal, com cren\u00e7as, rituais e celebra\u00e7\u00f5es, em devo\u00e7\u00e3o e no honrar [&hellip;]<\/p>\n","protected":false},"author":1,"featured_media":0,"parent":0,"menu_order":0,"comment_status":"closed","ping_status":"closed","template":"","meta":{"_et_pb_use_builder":"on","_et_pb_old_content":"","_et_gb_content_width":"","_joinchat":[],"footnotes":""},"_links":{"self":[{"href":"https:\/\/www.luis-trindade.com\/en\/wp-json\/wp\/v2\/pages\/3765"}],"collection":[{"href":"https:\/\/www.luis-trindade.com\/en\/wp-json\/wp\/v2\/pages"}],"about":[{"href":"https:\/\/www.luis-trindade.com\/en\/wp-json\/wp\/v2\/types\/page"}],"author":[{"embeddable":true,"href":"https:\/\/www.luis-trindade.com\/en\/wp-json\/wp\/v2\/users\/1"}],"replies":[{"embeddable":true,"href":"https:\/\/www.luis-trindade.com\/en\/wp-json\/wp\/v2\/comments?post=3765"}],"version-history":[{"count":18,"href":"https:\/\/www.luis-trindade.com\/en\/wp-json\/wp\/v2\/pages\/3765\/revisions"}],"predecessor-version":[{"id":4035,"href":"https:\/\/www.luis-trindade.com\/en\/wp-json\/wp\/v2\/pages\/3765\/revisions\/4035"}],"wp:attachment":[{"href":"https:\/\/www.luis-trindade.com\/en\/wp-json\/wp\/v2\/media?parent=3765"}],"curies":[{"name":"wp","href":"https:\/\/api.w.org\/{rel}","templated":true}]}}